{"id":1096,"date":"2021-12-04T13:11:34","date_gmt":"2021-12-04T12:11:34","guid":{"rendered":"http:\/\/anpsthemes.com\/construction\/?page_id=1096"},"modified":"2023-09-23T04:12:36","modified_gmt":"2023-09-23T02:12:36","slug":"location-autocar-chauffeur-bruxelles","status":"publish","type":"page","link":"https:\/\/www.autocar.brussels\/fr\/","title":{"rendered":"LOCATION AUTOCAR AVEC CHAUFFEUR BRUXELLES"},"content":{"rendered":"<div class=\"wpb-content-wrapper\"><p>[vc_row][vc_column][vc_column_text][\/vc_column_text][\/vc_column][\/vc_row][vc_row full_width=\u00a0\u00bbstretch_row_content_no_spaces\u00a0\u00bb css=\u00a0\u00bb.vc_custom_1453200552863{margin-top: -60px !important;margin-bottom: 0px !important;padding-bottom: 0px !important;}\u00a0\u00bb][vc_column][vc_column_text]\n\t\t\t<!-- START slider homepage REVOLUTION SLIDER 6.7.31 --><p class=\"rs-p-wp-fix\"><\/p>\n\t\t\t<rs-module-wrap id=\"rev_slider_1_1_wrapper\" data-source=\"gallery\" style=\"visibility:hidden;background:transparent;padding:0;margin:0px auto;margin-top:0;margin-bottom:0;\">\n\t\t\t\t<rs-module id=\"rev_slider_1_1\" style=\"\" data-version=\"6.7.31\">\n\t\t\t\t\t<rs-slides style=\"overflow: hidden; position: absolute;\">\n\t\t\t\t\t\t<rs-slide style=\"position: absolute;\" data-key=\"rs-2\" data-title=\"Slide\" data-thumb=\"\/\/www.autocar.brussels\/wp-content\/uploads\/2021\/12\/chauffeur-de-bus-scaled-100x50.jpg\" data-anim=\"adpr:false;\" data-in=\"o:0;\" data-out=\"a:false;\">\n\t\t\t\t\t\t\t<img decoding=\"async\" src=\"\/\/www.autocar.brussels\/wp-content\/plugins\/revslider\/sr6\/assets\/assets\/dummy.png\" alt=\"chauffeur de bus\" title=\"chauffeur de bus\" width=\"1280\" height=\"864\" class=\"rev-slidebg tp-rs-img rs-lazyload\" data-lazyload=\"\/\/www.autocar.brussels\/wp-content\/uploads\/2021\/12\/chauffeur-de-bus-scaled.jpg\" data-bg=\"p:center top;\" data-parallax=\"off\" data-no-retina>\n<!--\n\t\t\t\t\t\t\t--><h1\n\t\t\t\t\t\t\t\tid=\"slider-1-slide-2-layer-1\" \n\t\t\t\t\t\t\t\tclass=\"rs-layer\"\n\t\t\t\t\t\t\t\tdata-type=\"text\"\n\t\t\t\t\t\t\t\tdata-color=\"rgba(255, 255, 255, 1)\"\n\t\t\t\t\t\t\t\tdata-rsp_ch=\"on\"\n\t\t\t\t\t\t\t\tdata-xy=\"x:c,l,l,c;xo:253px,80px,80px,2px;y:m,t,m,m;yo:-157px,186px,-51px,-65px;\"\n\t\t\t\t\t\t\t\tdata-text=\"w:normal;s:47,50,50,50;l:20,22,22,46;fw:700,400,400,400;a:center;\"\n\t\t\t\t\t\t\t\tdata-dim=\"w:985,639px,638px,423px;h:76px,56px,56px,57px;maxh:77px,none,none,none;\"\n\t\t\t\t\t\t\t\tdata-frame_1=\"e:power2.inOut;st:500;sR:500;\"\n\t\t\t\t\t\t\t\tdata-frame_999=\"o:0;e:nothing;st:w;sR:8200;\"\n\t\t\t\t\t\t\t\tstyle=\"z-index:5;font-family:'Montserrat';\"\n\t\t\t\t\t\t\t>Location d'autocars avec chauffeur \u00e0 <br \/>\n<br \/>\n<br \/>\nBruxelles : Autocar Brussels \n\t\t\t\t\t\t\t<\/h1><!--\n\n\t\t\t\t\t\t\t--><rs-layer\n\t\t\t\t\t\t\t\tid=\"slider-1-slide-2-layer-2\" \n\t\t\t\t\t\t\t\tdata-type=\"text\"\n\t\t\t\t\t\t\t\tdata-color=\"rgba(255, 255, 255, 1)\"\n\t\t\t\t\t\t\t\tdata-rsp_ch=\"on\"\n\t\t\t\t\t\t\t\tdata-xy=\"xo:501px,80px,80px,-508px;y:t,t,m,m;yo:270px,230px,-17px,-110px;\"\n\t\t\t\t\t\t\t\tdata-text=\"w:normal;s:16;l:22,22,22,22;\"\n\t\t\t\t\t\t\t\tdata-dim=\"w:647px,429px,466px,466px;h:60px,auto,38px,38px;\"\n\t\t\t\t\t\t\t\tdata-frame_1=\"e:power2.inOut;st:500;sR:500;\"\n\t\t\t\t\t\t\t\tdata-frame_999=\"o:0;e:nothing;st:w;sR:8200;\"\n\t\t\t\t\t\t\t\tstyle=\"z-index:6;font-family:'PT Sans';\"\n\t\t\t\t\t\t\t>Location d'autocar, de bus, de cars, et de minibus avec chauffeur Belgique. Autocariste, tarif et devis en ligne pour vos voyages en car et en autocar \n\t\t\t\t\t\t\t<\/rs-layer><!--\n\n\t\t\t\t\t\t\t--><rs-layer\n\t\t\t\t\t\t\t\tid=\"slider-1-slide-2-layer-3\" \n\t\t\t\t\t\t\t\tclass=\"rev-btn\"\n\t\t\t\t\t\t\t\tdata-type=\"button\"\n\t\t\t\t\t\t\t\tdata-color=\"rgba(255, 255, 255, 1)\"\n\t\t\t\t\t\t\t\tdata-rsp_ch=\"on\"\n\t\t\t\t\t\t\t\tdata-xy=\"xo:582px,80px,80px,36px;yo:359px,320px,250px,264px;\"\n\t\t\t\t\t\t\t\tdata-text=\"w:normal;s:14;l:17;fw:500,400,400,400;a:center;\"\n\t\t\t\t\t\t\t\tdata-dim=\"w:198px,auto,auto,auto;h:42px,auto,auto,auto;\"\n\t\t\t\t\t\t\t\tdata-padding=\"t:12;r:35;b:12;l:35;\"\n\t\t\t\t\t\t\t\tdata-border=\"bor:3px,3px,3px,3px;\"\n\t\t\t\t\t\t\t\tdata-frame_1=\"e:power2.inOut;st:500;sR:500;\"\n\t\t\t\t\t\t\t\tdata-frame_999=\"o:0;e:nothing;st:w;sR:8200;\"\n\t\t\t\t\t\t\t\tdata-frame_hover=\"bgc:#52b3ef;boc:#000;bor:3px,3px,3px,3px;bos:solid;oX:50;oY:50;sp:0;e:none;\"\n\t\t\t\t\t\t\t\tstyle=\"z-index:7;background-color:rgba(77,158,208,1);font-family:'Roboto';cursor:pointer;outline:none;box-shadow:none;box-sizing:border-box;-moz-box-sizing:border-box;-webkit-box-sizing:border-box;\"\n\t\t\t\t\t\t\t>DEVIS GRATUIT \n\t\t\t\t\t\t\t<\/rs-layer><!--\n\n\t\t\t\t\t\t\t--><rs-layer\n\t\t\t\t\t\t\t\tid=\"slider-1-slide-2-layer-4\" \n\t\t\t\t\t\t\t\tclass=\"rev-btn\"\n\t\t\t\t\t\t\t\tdata-type=\"button\"\n\t\t\t\t\t\t\t\tdata-color=\"rgba(10, 10, 10, 1)||rgba(10, 10, 10, 1)||rgba(0, 0, 0, 1)||rgba(0, 0, 0, 1)\"\n\t\t\t\t\t\t\t\tdata-rsp_ch=\"on\"\n\t\t\t\t\t\t\t\tdata-xy=\"xo:868px,232px,236px,178px;yo:361px,320px,249px,264px;\"\n\t\t\t\t\t\t\t\tdata-text=\"s:14;l:17;fw:500,400,400,400;a:center;\"\n\t\t\t\t\t\t\t\tdata-dim=\"w:219px,auto,auto,auto;h:42px,auto,auto,auto;\"\n\t\t\t\t\t\t\t\tdata-actions='o:click;a:simplelink;target:_self;url:#;'\n\t\t\t\t\t\t\t\tdata-padding=\"t:12;r:35;b:12;l:35;\"\n\t\t\t\t\t\t\t\tdata-border=\"bor:3px,3px,3px,3px;\"\n\t\t\t\t\t\t\t\tdata-frame_1=\"e:power2.inOut;st:500;sR:500;\"\n\t\t\t\t\t\t\t\tdata-frame_999=\"o:0;e:nothing;st:w;sR:8200;\"\n\t\t\t\t\t\t\t\tdata-frame_hover=\"c:#000;bgc:#ededed;boc:#000;bor:3px,3px,3px,3px;bos:solid;oX:50;oY:50;sp:0;e:none;\"\n\t\t\t\t\t\t\t\tstyle=\"z-index:8;background-color:rgba(255,255,255,1);font-family:'Roboto';cursor:pointer;outline:none;box-shadow:none;box-sizing:border-box;-moz-box-sizing:border-box;-webkit-box-sizing:border-box;\"\n\t\t\t\t\t\t\t>CONTACTEZ-NOUS \n\t\t\t\t\t\t\t<\/rs-layer><!--\n\n\t\t\t\t\t\t\t--><h2\n\t\t\t\t\t\t\t\tid=\"slider-1-slide-2-layer-5\" \n\t\t\t\t\t\t\t\tclass=\"rs-layer\"\n\t\t\t\t\t\t\t\tdata-type=\"text\"\n\t\t\t\t\t\t\t\tdata-color=\"#ffffff||rgba(77, 158, 208, 1)||rgba(77, 158, 208, 1)||rgba(77, 158, 208, 1)\"\n\t\t\t\t\t\t\t\tdata-rsp_ch=\"on\"\n\t\t\t\t\t\t\t\tdata-xy=\"xo:435px,84px,84px,32px;yo:68px,148px,84px,131px;\"\n\t\t\t\t\t\t\t\tdata-text=\"l:22,22,22,22;\"\n\t\t\t\t\t\t\t\tdata-frame_1=\"e:power2.inOut;st:500;sR:500;\"\n\t\t\t\t\t\t\t\tdata-frame_999=\"o:0;e:nothing;st:w;sR:8200;\"\n\t\t\t\t\t\t\t\tstyle=\"z-index:9;font-family:'Montserrat';\"\n\t\t\t\t\t\t\t> SOCI\u00c9T\u00c9 LOCATION AUTOCAR BRUXELLES AVEC CHAUFFEUR \n\t\t\t\t\t\t\t<\/h2><!--\n-->\t\t\t\t\t<\/rs-slide>\n\t\t\t\t\t\t<rs-slide style=\"position: absolute;\" data-key=\"rs-17\" data-title=\"Slide\" data-thumb=\"\/\/www.autocar.brussels\/wp-content\/uploads\/2017\/12\/slider2-100x50.jpg\" data-anim=\"adpr:false;\" data-in=\"o:0;\" data-out=\"a:false;\">\n\t\t\t\t\t\t\t<img decoding=\"async\" src=\"\/\/www.autocar.brussels\/wp-content\/plugins\/revslider\/sr6\/assets\/assets\/dummy.png\" alt=\"\" title=\"LOCATION AUTOCAR AVEC CHAUFFEUR BRUXELLES\" class=\"rev-slidebg tp-rs-img rs-lazyload\" data-lazyload=\"\/\/www.autocar.brussels\/wp-content\/uploads\/2017\/12\/slider2.jpg\" data-parallax=\"off\" data-no-retina>\n<!--\n\t\t\t\t\t\t\t--><rs-layer\n\t\t\t\t\t\t\t\tid=\"slider-1-slide-17-layer-1\" \n\t\t\t\t\t\t\t\tdata-type=\"text\"\n\t\t\t\t\t\t\t\tdata-color=\"rgba(255, 255, 255, 1)\"\n\t\t\t\t\t\t\t\tdata-rsp_ch=\"on\"\n\t\t\t\t\t\t\t\tdata-xy=\"x:c;xo:-13px,0,0,0;y:t,t,m,m;yo:200px,197px,-46px,-43px;\"\n\t\t\t\t\t\t\t\tdata-text=\"w:normal;s:50,70,70,70;l:20,22,22,22;fw:700;a:center;\"\n\t\t\t\t\t\t\t\tdata-dim=\"w:1131px,390px,390px,390px;h:auto,55px,55px,55px;\"\n\t\t\t\t\t\t\t\tdata-frame_1=\"e:power2.inOut;st:500;sR:500;\"\n\t\t\t\t\t\t\t\tdata-frame_999=\"o:0;e:nothing;st:w;sR:8200;\"\n\t\t\t\t\t\t\t\tstyle=\"z-index:5;font-family:'Montserrat';\"\n\t\t\t\t\t\t\t>Entreprise De Location Autocars Bus\n \n\t\t\t\t\t\t\t<\/rs-layer><!--\n\n\t\t\t\t\t\t\t--><rs-layer\n\t\t\t\t\t\t\t\tid=\"slider-1-slide-17-layer-2\" \n\t\t\t\t\t\t\t\tdata-type=\"text\"\n\t\t\t\t\t\t\t\tdata-color=\"rgba(255, 255, 255, 1)\"\n\t\t\t\t\t\t\t\tdata-rsp_ch=\"on\"\n\t\t\t\t\t\t\t\tdata-xy=\"x:c;xo:-216px,0,0,0;y:t,t,m,m;yo:319px,250px,-7px,-7px;\"\n\t\t\t\t\t\t\t\tdata-text=\"w:nowrap,normal,normal,normal;s:18;l:22;fw:700;a:center;\"\n\t\t\t\t\t\t\t\tdata-dim=\"w:551px,466px,466px,466px;h:40px,38px,38px,38px;\"\n\t\t\t\t\t\t\t\tdata-frame_1=\"e:power2.inOut;st:500;sR:500;\"\n\t\t\t\t\t\t\t\tdata-frame_999=\"o:0;e:nothing;st:w;sR:8200;\"\n\t\t\t\t\t\t\t\tstyle=\"z-index:6;font-family:'Roboto';cursor:pointer;\"\n\t\t\t\t\t\t\t>Location Autocar avec chauffeur a Bruxelles offrant <b\/> \nun service de location d\u2019autocars de qualit\u00e9, au meilleur prix \n\t\t\t\t\t\t\t<\/rs-layer><!--\n\n\t\t\t\t\t\t\t--><rs-layer\n\t\t\t\t\t\t\t\tid=\"slider-1-slide-17-layer-3\" \n\t\t\t\t\t\t\t\tclass=\"rev-btn\"\n\t\t\t\t\t\t\t\tdata-type=\"button\"\n\t\t\t\t\t\t\t\tdata-color=\"rgba(255, 255, 255, 1)\"\n\t\t\t\t\t\t\t\tdata-rsp_ch=\"on\"\n\t\t\t\t\t\t\t\tdata-xy=\"x:c,l,l,l;xo:-167px,423px,246px,97px;yo:378px,294px,210px,266px;\"\n\t\t\t\t\t\t\t\tdata-text=\"w:nowrap,normal,normal,normal;s:14;l:17;a:center;\"\n\t\t\t\t\t\t\t\tdata-dim=\"w:225px,auto,auto,auto;h:42px,auto,auto,auto;\"\n\t\t\t\t\t\t\t\tdata-padding=\"t:12;r:35;b:12;l:35;\"\n\t\t\t\t\t\t\t\tdata-border=\"bor:3px,3px,3px,3px;\"\n\t\t\t\t\t\t\t\tdata-frame_1=\"e:power2.inOut;st:500;sR:500;\"\n\t\t\t\t\t\t\t\tdata-frame_999=\"o:0;e:nothing;st:w;sR:8200;\"\n\t\t\t\t\t\t\t\tdata-frame_hover=\"bgc:#52b3ef;boc:#000;bor:3px,3px,3px,3px;bos:solid;oX:50;oY:50;sp:0;e:none;\"\n\t\t\t\t\t\t\t\tstyle=\"z-index:7;background-color:rgba(77,158,208,1);font-family:'Montserrat';cursor:pointer;outline:none;box-shadow:none;box-sizing:border-box;-moz-box-sizing:border-box;-webkit-box-sizing:border-box;\"\n\t\t\t\t\t\t\t>DEVIS GRATUIT \n\t\t\t\t\t\t\t<\/rs-layer><!--\n\n\t\t\t\t\t\t\t--><rs-layer\n\t\t\t\t\t\t\t\tid=\"slider-1-slide-17-layer-4\" \n\t\t\t\t\t\t\t\tclass=\"rev-btn\"\n\t\t\t\t\t\t\t\tdata-type=\"button\"\n\t\t\t\t\t\t\t\tdata-color=\"rgba(10, 10, 10, 1)||rgba(255, 255, 255, 1)||rgba(255, 255, 255, 1)||rgba(255, 255, 255, 1)\"\n\t\t\t\t\t\t\t\tdata-rsp_ch=\"on\"\n\t\t\t\t\t\t\t\tdata-xy=\"xo:594px,573px,394px,245px;yo:378px,294px,210px,266px;\"\n\t\t\t\t\t\t\t\tdata-text=\"s:14;l:17;a:center;\"\n\t\t\t\t\t\t\t\tdata-actions='o:click;a:simplelink;target:_self;url:#;'\n\t\t\t\t\t\t\t\tdata-padding=\"t:12;r:35;b:12;l:35;\"\n\t\t\t\t\t\t\t\tdata-border=\"bor:3px,3px,3px,3px;\"\n\t\t\t\t\t\t\t\tdata-frame_1=\"e:power2.inOut;st:500;sR:500;\"\n\t\t\t\t\t\t\t\tdata-frame_999=\"o:0;e:nothing;st:w;sR:8200;\"\n\t\t\t\t\t\t\t\tdata-frame_hover=\"c:#fff;bgc:#0a0000;boc:#000;bor:3px,3px,3px,3px;bos:solid;oX:50;oY:50;sp:0;e:none;\"\n\t\t\t\t\t\t\t\tstyle=\"z-index:8;background-color:rgba(255,255,255,1);font-family:'Montserrat';cursor:pointer;outline:none;box-shadow:none;box-sizing:border-box;-moz-box-sizing:border-box;-webkit-box-sizing:border-box;\"\n\t\t\t\t\t\t\t>CONTACTEZ-NOUS \n\t\t\t\t\t\t\t<\/rs-layer><!--\n\n\t\t\t\t\t\t\t--><rs-layer\n\t\t\t\t\t\t\t\tid=\"slider-1-slide-17-layer-5\" \n\t\t\t\t\t\t\t\tdata-type=\"text\"\n\t\t\t\t\t\t\t\tdata-color=\"rgba(255, 255, 255, 1)\"\n\t\t\t\t\t\t\t\tdata-rsp_ch=\"on\"\n\t\t\t\t\t\t\t\tdata-xy=\"x:c;xo:-5px,0,0,0;y:t,t,m,m;yo:253px,197px,-46px,-43px;\"\n\t\t\t\t\t\t\t\tdata-text=\"w:normal;s:50,70,70,70;l:20,22,22,22;fw:700;a:center;\"\n\t\t\t\t\t\t\t\tdata-dim=\"w:1131px,390px,390px,390px;h:auto,55px,55px,55px;\"\n\t\t\t\t\t\t\t\tdata-frame_1=\"e:power2.inOut;st:500;sR:500;\"\n\t\t\t\t\t\t\t\tdata-frame_999=\"o:0;e:nothing;st:w;sR:8200;\"\n\t\t\t\t\t\t\t\tstyle=\"z-index:9;font-family:'Montserrat';\"\n\t\t\t\t\t\t\t> <b\/>  Et Minibus Avec Chauffeur\n\n \n\t\t\t\t\t\t\t<\/rs-layer><!--\n-->\t\t\t\t\t<\/rs-slide>\n\t\t\t\t\t\t<rs-slide style=\"position: absolute;\" data-key=\"rs-1\" data-title=\"Slide\" data-thumb=\"\/\/www.autocar.brussels\/wp-content\/uploads\/2017\/12\/slider4-100x50.jpg\" data-anim=\"adpr:false;\" data-in=\"o:0;\" data-out=\"a:false;\">\n\t\t\t\t\t\t\t<img decoding=\"async\" src=\"\/\/www.autocar.brussels\/wp-content\/plugins\/revslider\/sr6\/assets\/assets\/dummy.png\" alt=\"\" title=\"LOCATION AUTOCAR AVEC CHAUFFEUR BRUXELLES\" class=\"rev-slidebg tp-rs-img rs-lazyload\" data-lazyload=\"\/\/www.autocar.brussels\/wp-content\/uploads\/2017\/12\/slider4.jpg\" data-parallax=\"off\" data-no-retina>\n<!--\n\t\t\t\t\t\t\t--><rs-layer\n\t\t\t\t\t\t\t\tid=\"slider-1-slide-1-layer-1\" \n\t\t\t\t\t\t\t\tdata-type=\"text\"\n\t\t\t\t\t\t\t\tdata-color=\"rgba(255, 255, 255, 1)\"\n\t\t\t\t\t\t\t\tdata-rsp_ch=\"on\"\n\t\t\t\t\t\t\t\tdata-xy=\"x:l,l,l,c;xo:5px,80px,80px,2px;y:t,t,m,m;yo:229px,186px,-51px,-65px;\"\n\t\t\t\t\t\t\t\tdata-text=\"w:normal;s:45,50,50,50;l:22,22,22,46;fw:700,400,400,400;\"\n\t\t\t\t\t\t\t\tdata-dim=\"w:916px,639px,638px,423px;h:58px,56px,56px,57px;\"\n\t\t\t\t\t\t\t\tdata-frame_1=\"e:power2.inOut;st:500;sR:500;\"\n\t\t\t\t\t\t\t\tdata-frame_999=\"o:0;e:nothing;st:w;sR:8200;\"\n\t\t\t\t\t\t\t\tstyle=\"z-index:5;font-family:'Montserrat';\"\n\t\t\t\t\t\t\t>LOCATION DE BUS AVEC CHAUFFEUR \n\t\t\t\t\t\t\t<\/rs-layer><!--\n\n\t\t\t\t\t\t\t--><rs-layer\n\t\t\t\t\t\t\t\tid=\"slider-1-slide-1-layer-2\" \n\t\t\t\t\t\t\t\tdata-type=\"text\"\n\t\t\t\t\t\t\t\tdata-color=\"rgba(255, 255, 255, 1)\"\n\t\t\t\t\t\t\t\tdata-rsp_ch=\"on\"\n\t\t\t\t\t\t\t\tdata-xy=\"xo:10px,80px,80px,-508px;y:t,t,m,m;yo:290px,230px,-17px,-110px;\"\n\t\t\t\t\t\t\t\tdata-text=\"w:normal;s:20,16,16,16;l:27,22,22,22;\"\n\t\t\t\t\t\t\t\tdata-dim=\"w:781,429px,466px,466px;h:137,auto,38px,38px;\"\n\t\t\t\t\t\t\t\tdata-frame_1=\"e:power2.inOut;st:500;sR:500;\"\n\t\t\t\t\t\t\t\tdata-frame_999=\"o:0;e:nothing;st:w;sR:8200;\"\n\t\t\t\t\t\t\t\tstyle=\"z-index:6;font-family:'PT Sans';\"\n\t\t\t\t\t\t\t> Soci\u00e9t\u00e9 de Location Autocar Bruxelles \u2713 bus et minibus avec chauffeur Belgique transport , Visites & Excursions, transfert pour professionnels et entreprises.\u260e +3223420876 transport scolaires, minibus, voyages scolaires, circuits touristiques, Bus transfert a\u00e9roport. \n\t\t\t\t\t\t\t<\/rs-layer><!--\n\n\t\t\t\t\t\t\t--><rs-layer\n\t\t\t\t\t\t\t\tid=\"slider-1-slide-1-layer-3\" \n\t\t\t\t\t\t\t\tclass=\"rev-btn\"\n\t\t\t\t\t\t\t\tdata-type=\"button\"\n\t\t\t\t\t\t\t\tdata-color=\"rgba(255, 255, 255, 1)\"\n\t\t\t\t\t\t\t\tdata-rsp_ch=\"on\"\n\t\t\t\t\t\t\t\tdata-xy=\"xo:9px,80px,80px,36px;yo:435px,320px,250px,264px;\"\n\t\t\t\t\t\t\t\tdata-text=\"w:normal;s:14;l:17;fw:500,400,400,400;a:center;\"\n\t\t\t\t\t\t\t\tdata-dim=\"w:192px,auto,auto,auto;h:42px,auto,auto,auto;\"\n\t\t\t\t\t\t\t\tdata-padding=\"t:12;r:35;b:12;l:35;\"\n\t\t\t\t\t\t\t\tdata-border=\"bor:3px,3px,3px,3px;\"\n\t\t\t\t\t\t\t\tdata-frame_1=\"e:power2.inOut;st:500;sR:500;\"\n\t\t\t\t\t\t\t\tdata-frame_999=\"o:0;e:nothing;st:w;sR:8200;\"\n\t\t\t\t\t\t\t\tdata-frame_hover=\"bgc:#52b3ef;boc:#000;bor:3px,3px,3px,3px;bos:solid;oX:50;oY:50;sp:0;e:none;\"\n\t\t\t\t\t\t\t\tstyle=\"z-index:7;background-color:rgba(77,158,208,1);font-family:'Roboto';cursor:pointer;outline:none;box-shadow:none;box-sizing:border-box;-moz-box-sizing:border-box;-webkit-box-sizing:border-box;\"\n\t\t\t\t\t\t\t><a href=\"qui-sommes-nous\" style=\"text-decoration:none;color:#fff\">EN SAVOIR +<\/a> \n\t\t\t\t\t\t\t<\/rs-layer><!--\n\n\t\t\t\t\t\t\t--><rs-layer\n\t\t\t\t\t\t\t\tid=\"slider-1-slide-1-layer-5\" \n\t\t\t\t\t\t\t\tdata-type=\"text\"\n\t\t\t\t\t\t\t\tdata-color=\"rgba(77, 158, 208, 1)\"\n\t\t\t\t\t\t\t\tdata-rsp_ch=\"on\"\n\t\t\t\t\t\t\t\tdata-xy=\"xo:6px,84px,84px,32px;yo:181px,148px,84px,131px;\"\n\t\t\t\t\t\t\t\tdata-text=\"s:30,20,20,20;l:22;\"\n\t\t\t\t\t\t\t\tdata-frame_1=\"e:power2.inOut;st:500;sR:500;\"\n\t\t\t\t\t\t\t\tdata-frame_999=\"o:0;e:nothing;st:w;sR:8200;\"\n\t\t\t\t\t\t\t\tstyle=\"z-index:8;font-family:'Montserrat';\"\n\t\t\t\t\t\t\t>LOCATION AUTOCAR AVEC CHAUFFEUR BRUXELLES \n\t\t\t\t\t\t\t<\/rs-layer><!--\n\n\t\t\t\t\t\t\t--><rs-layer\n\t\t\t\t\t\t\t\tid=\"slider-1-slide-1-layer-10\" \n\t\t\t\t\t\t\t\tclass=\"rev-btn\"\n\t\t\t\t\t\t\t\tdata-type=\"button\"\n\t\t\t\t\t\t\t\tdata-color=\"rgba(255,255,255,1)\"\n\t\t\t\t\t\t\t\tdata-xy=\"xo:217px;yo:436px;\"\n\t\t\t\t\t\t\t\tdata-text=\"s:17;l:17;fw:500;a:inherit;\"\n\t\t\t\t\t\t\t\tdata-rsp_bd=\"off\"\n\t\t\t\t\t\t\t\tdata-padding=\"t:12;r:35;b:12;l:35;\"\n\t\t\t\t\t\t\t\tdata-border=\"bor:3px,3px,3px,3px;\"\n\t\t\t\t\t\t\t\tdata-frame_999=\"o:0;st:w;sR:8700;\"\n\t\t\t\t\t\t\t\tdata-frame_hover=\"c:#000;bgc:#fff;boc:#000;bor:3px,3px,3px,3px;bos:solid;oX:50;oY:50;sp:0;e:none;\"\n\t\t\t\t\t\t\t\tstyle=\"z-index:9;background-color:rgba(0,0,0,0.75);font-family:'Roboto';cursor:pointer;outline:none;box-shadow:none;box-sizing:border-box;-moz-box-sizing:border-box;-webkit-box-sizing:border-box;\"\n\t\t\t\t\t\t\t><a href=\"contact\" style=\"text-decoration:none\">CONTACTEZ-NOUS<\/a> \n\t\t\t\t\t\t\t<\/rs-layer><!--\n-->\t\t\t\t\t<\/rs-slide>\n\t\t\t\t\t<\/rs-slides>\n\t\t\t\t<\/rs-module>\n\t\t\t\t<script>\n\t\t\t\t\tsetREVStartSize({c: 'rev_slider_1_1',rl:[1240,1024,778,480],el:[650,550,400,500],gw:[1140,1140,778,480],gh:[650,550,400,500],type:'standard',justify:'',layout:'fullwidth',mh:\"0\"});if (window.RS_MODULES!==undefined && window.RS_MODULES.modules!==undefined && window.RS_MODULES.modules[\"revslider11\"]!==undefined) {window.RS_MODULES.modules[\"revslider11\"].once = false;window.revapi1 = undefined;if (window.RS_MODULES.checkMinimal!==undefined) window.RS_MODULES.checkMinimal()}\n\t\t\t\t<\/script>\n\t\t\t<\/rs-module-wrap>\n\t\t\t<!-- END REVOLUTION SLIDER -->\n[\/vc_column_text][vc_column_text]<\/p>\n<h2 style=\"text-align: center;\"><em>Location<\/em>\u00a0d&rsquo;<em>autocar<\/em>, de\u00a0<em>bus<\/em>, de cars, et de\u00a0<em>minibus avec chauffeur<\/em>\u00a0(Belgique).<\/h2>\n<h3 style=\"text-align: center;\">Un transport en autocar de haute qualit\u00e9 \u00e0 bruxelles<\/h3>\n<p>[\/vc_column_text][\/vc_column][\/vc_row][vc_row full_width=\u00a0\u00bbstretch_row\u00a0\u00bb css=\u00a0\u00bb.vc_custom_1465816284016{margin-top: 0px !important;margin-bottom: 0px !important;padding-top: 40px !important;padding-bottom: 70px !important;background-color: #f8f9f9 !important;}\u00a0\u00bb][vc_column width=\u00a0\u00bb1\/3&Prime;][vc_single_image image=\u00a0\u00bb2587&Prime; img_size=\u00a0\u00bbfull\u00a0\u00bb css=\u00a0\u00bb.vc_custom_1519088811084{margin-bottom: 0px !important;}\u00a0\u00bb][vc_empty_space height=\u00a0\u00bb10px\u00a0\u00bb][vc_custom_heading text=\u00a0\u00bbVOYAGES SCOLAIRES\u00a0\u00bb font_container=\u00a0\u00bbtag:h4|text_align:left\u00a0\u00bb use_theme_fonts=\u00a0\u00bbyes\u00a0\u00bb][vc_empty_space height=\u00a0\u00bb15px\u00a0\u00bb][vc_column_text css=\u00a0\u00bb.vc_custom_1513863224323{margin-bottom: 0px !important;}\u00a0\u00bb]Vous voulez pr\u00e9parer un voyage scolaire avec une ou plusieurs classes d\u2019\u00e9l\u00e8ves ? Chez nous, vous trouverez les solutions sur mesure les plus adapt\u00e9es \u00e0 vos besoins, nous serions heureux de vous y aider.[\/vc_column_text][vc_empty_space height=\u00a0\u00bb10px\u00a0\u00bb][\/vc_column][vc_column width=\u00a0\u00bb1\/3&Prime;][vc_single_image image=\u00a0\u00bb2466&Prime; img_size=\u00a0\u00bbfull\u00a0\u00bb css=\u00a0\u00bb.vc_custom_1513863356905{margin-bottom: 0px !important;}\u00a0\u00bb][vc_empty_space height=\u00a0\u00bb10px\u00a0\u00bb][vc_custom_heading text=\u00a0\u00bbTRANSFERT A\u00c9ROPORT\u00a0\u00bb use_theme_fonts=\u00a0\u00bbyes\u00a0\u00bb][vc_empty_space height=\u00a0\u00bb15px\u00a0\u00bb][vc_column_text css=\u00a0\u00bb.vc_custom_1513863466624{margin-bottom: 0px !important;}\u00a0\u00bb]Lors de vos voyages que ce soit en petits ou grands groupes, m\u00eame avec beaucoup de bagages, notre chauffeur vous attendra \u00e0 l\u2019a\u00e9roport ou \u00e0 la gare et vous conduira directement \u00e0 destination sans probl\u00e8mes de retard.[\/vc_column_text][vc_empty_space height=\u00a0\u00bb10px\u00a0\u00bb][\/vc_column][vc_column width=\u00a0\u00bb1\/3&Prime;][vc_single_image image=\u00a0\u00bb2589&Prime; img_size=\u00a0\u00bbfull\u00a0\u00bb css=\u00a0\u00bb.vc_custom_1514902965645{margin-bottom: 0px !important;}\u00a0\u00bb][vc_empty_space height=\u00a0\u00bb10px\u00a0\u00bb][vc_custom_heading text=\u00a0\u00bbD\u00c9PLACEMENTS PROFESSIONNELS\u00a0\u00bb font_container=\u00a0\u00bbtag:h3|text_align:left\u00a0\u00bb use_theme_fonts=\u00a0\u00bbyes\u00a0\u00bb][vc_empty_space height=\u00a0\u00bb15px\u00a0\u00bb][vc_column_text css=\u00a0\u00bb.vc_custom_1695432257759{margin-bottom: 0px !important;}\u00a0\u00bb]Location de bus pour les sorties d&rsquo;entreprise : votre solution cl\u00e9 en main Location de bus pour les sorties d&rsquo;entreprise : notre expertise et notre savoir-faire pour un transport de groupe r\u00e9ussi<\/p>\n<p>&nbsp;[\/vc_column_text][vc_empty_space height=\u00a0\u00bb10px\u00a0\u00bb][\/vc_column][\/vc_row][vc_row full_width=\u00a0\u00bbstretch_row_content_no_spaces\u00a0\u00bb css=\u00a0\u00bb.vc_custom_1483706068374{padding-bottom: 30px !important;}\u00a0\u00bb][vc_column][vc_column_text]<div class=\"anps-cta-large-wrap\"><div class=\"container\"><div class=\"row\"><div class=\"col-md-6\"><div class=\"anps-cta-large\"><h3 class='heading-left  divider-sm' ><span>Location autocars avec chauffeur \u00e0 Bruxelles<em class=\"heading-subtitle\">Le prix de la location de bus et d'autocar <\/em><\/span><\/h3><div class='anps-cta-large__text'>D\u00e9couvrez tous les prix<em>\u00a0<\/em>d\u00e9taill\u00e9s pour louer un\u00a0<em>autocar<\/em>\u00a0ou un bus sur <a href=\"https:\/\/www.autocar.brussels\/contactez-nous\/\">DEVIS<\/a> L\u2019organisation des voyages en groupe est toujours un plaisir, il doit \u00eatre bien r\u00e9gl\u00e9. Ce type de transport en commun est une solution pratique et avantageuse en gagnant la r\u00e9duction des frais et des risques. A cet \u00e9gard, notre soci\u00e9t\u00e9 vous propose un service de location de bus avec chauffeur de qualit\u00e9, au meilleur prix.<\/div><a href='qui-sommes-nous' target='_self' class='anps-cta-large__link btn btn-lg btn-normal'>LIRE LA SUITE<\/a><\/div><\/div><\/div><\/div><div class='anps-cta-large__bg anps-cta-large__bg--top' style='background-image: url(https:\/\/www.autocar.brussels\/wp-content\/uploads\/2017\/12\/img-17.jpg);'><\/div><\/div>[\/vc_column_text][\/vc_column][\/vc_row][vc_row full_width=\u00a0\u00bbstretch_row\u00a0\u00bb parallax=\u00a0\u00bbcontent-moving-fade\u00a0\u00bb parallax_image=\u00a0\u00bb2855&Prime; css=\u00a0\u00bb.vc_custom_1638669264603{margin-bottom: 0px !important;background-image: url(http:\/\/autocar.brussels\/demo\/wordpress\/wp-content\/uploads\/2016\/01\/statement-limo.jpg?id=2111) !important;background-position: 0 0;background-repeat:-repeat !important;}\u00a0\u00bb el_class=\u00a0\u00bbjumbotron\u00a0\u00bb][vc_column][vc_custom_heading text=\u00a0\u00bbLocation Autocar avec chauffeur Bruxelles\u00a0\u00bb font_container=\u00a0\u00bbtag:h2|text_align:left|color:%23ffffff\u00a0\u00bb use_theme_fonts=\u00a0\u00bbyes\u00a0\u00bb][vc_column_text]<\/p>\n<p style=\"color: #fff;\">Vous voulez organiser des s\u00e9jours touristiques\u00a0?<br \/>\nVous cherchez le confort et la s\u00e9curit\u00e9 pour vos groupes de touristes\u00a0?<br \/>\nNotre soci\u00e9t\u00e9 est l\u00e0 pour r\u00e9aliser tous vos demandes gr\u00e2ce \u00e0 notre plateforme de<br \/>\nr\u00e9servation de bus avec chauffeur, nous permettons \u00e0 tous les organisateurs de planifier<br \/>\navec flexibilit\u00e9 leur voyage.[\/vc_column_text][\/vc_column][\/vc_row][vc_row][vc_column][vc_custom_heading text=\u00a0\u00bbLocation Autocar avec chauffeur \u00e0 Bruxelles et en Belgique, transport scolaire\u00a0\u00bb font_container=\u00a0\u00bbtag:h2|text_align:center|color:%234d9ed0&Prime; use_theme_fonts=\u00a0\u00bbyes\u00a0\u00bb][vc_column_text]<\/p>\n<p style=\"text-align: center;\">Vous voulez organiser des s\u00e9jours touristiques ?<\/p>\n<p style=\"text-align: center;\">Vous cherchez le confort et la s\u00e9curit\u00e9 pour vos groupes de touristes ?<\/p>\n<p style=\"text-align: center;\">Notre soci\u00e9t\u00e9 est l\u00e0 pour r\u00e9aliser tous vos demandes gr\u00e2ce \u00e0 notre plateforme de<br \/>\nr\u00e9servation de <a href=\"https:\/\/www.rentabus.be\/\">bus avec chauffeur<\/a>, nous permettons \u00e0 tous les organisateurs de planifier avec flexibilit\u00e9 leur voyage.[\/vc_column_text][\/vc_column][\/vc_row][vc_row][vc_column width=\u00a0\u00bb1\/3&Prime;][vc_single_image image=\u00a0\u00bb2488&Prime; img_size=\u00a0\u00bblarge\u00a0\u00bb alignment=\u00a0\u00bbcenter\u00a0\u00bb style=\u00a0\u00bbvc_box_border\u00a0\u00bb][\/vc_column][vc_column width=\u00a0\u00bb1\/3&Prime;][vc_single_image image=\u00a0\u00bb2490&Prime; img_size=\u00a0\u00bblarge\u00a0\u00bb alignment=\u00a0\u00bbcenter\u00a0\u00bb style=\u00a0\u00bbvc_box_border\u00a0\u00bb][\/vc_column][vc_column width=\u00a0\u00bb1\/3&Prime;][vc_single_image image=\u00a0\u00bb2489&Prime; img_size=\u00a0\u00bblarge\u00a0\u00bb alignment=\u00a0\u00bbcenter\u00a0\u00bb style=\u00a0\u00bbvc_box_border\u00a0\u00bb][\/vc_column][\/vc_row][vc_row][vc_column][vc_column_text][\/vc_column_text][\/vc_column][\/vc_row]<\/p>\n<\/div>","protected":false},"excerpt":{"rendered":"<p>[vc_row][vc_column][vc_column_text][\/vc_column_text][\/vc_column][\/vc_row][vc_row full_width=\u00a0\u00bbstretch_row_content_no_spaces\u00a0\u00bb css=\u00a0\u00bb.vc_custom_1453200552863{margin-top: -60px !important;margin-bottom: 0px !important;padding-bottom: 0px !important;}\u00a0\u00bb][vc_column][vc_column_text][\/vc_column_text][vc_column_text] Location\u00a0d&rsquo;autocar, de\u00a0bus, de cars, et de\u00a0minibus avec chauffeur\u00a0(Belgique). Un transport en autocar de haute qualit\u00e9 \u00e0 bruxelles [\/vc_column_text][\/vc_column][\/vc_row][vc_row full_width=\u00a0\u00bbstretch_row\u00a0\u00bb css=\u00a0\u00bb.vc_custom_1465816284016{margin-top: 0px !important;margin-bottom: 0px !important;padding-top: 40px !important;padding-bottom: 70px !important;background-color: #f8f9f9 !important;}\u00a0\u00bb][vc_column width=\u00a0\u00bb1\/3&Prime;][vc_single_image &hellip;<\/p>\n","protected":false},"author":3,"featured_media":0,"parent":0,"menu_order":0,"comment_status":"closed","ping_status":"closed","template":"","meta":{"footnotes":""},"class_list":["post-1096","page","type-page","status-publish","hentry"],"yoast_head":"<!-- This site is optimized with the Yoast SEO plugin v27.5 - https:\/\/yoast.com\/product\/yoast-seo-wordpress\/ -->\n<title>Location Autocar avec chauffeur bruxelles -bus avec chauffeur<\/title>\n<meta name=\"description\" content=\"Location Autocar Bruxelles \u2714 bus et minibus avec chauffeur Belgique transport scolaire, Visites &amp; Excursions, transfert pour professionnels\" \/>\n<meta name=\"robots\" content=\"index, follow, max-snippet:-1, max-image-preview:large, max-video-preview:-1\" \/>\n<link rel=\"canonical\" href=\"https:\/\/www.autocar.brussels\/\" \/>\n<meta property=\"og:locale\" content=\"fr_FR\" \/>\n<meta property=\"og:type\" content=\"article\" \/>\n<meta property=\"og:title\" content=\"[:fr]Location Autocar avec chauffeur bruxelles -bus avec chauffeur [:en]Location Autocar Bruxelles \u27a4location bus et minibus avec chauffeur[:]\" \/>\n<meta property=\"og:description\" content=\"Location Autocar Bruxelles \u2714 bus et minibus avec chauffeur Belgique transport scolaire, Visites &amp; Excursions, transfert pour professionnels\" \/>\n<meta property=\"og:url\" content=\"https:\/\/www.autocar.brussels\/\" \/>\n<meta property=\"og:site_name\" content=\"Location minibus bruxelles\" \/>\n<meta property=\"article:publisher\" content=\"https:\/\/www.facebook.com\/LimostarLimousineServices\/\" \/>\n<meta property=\"article:modified_time\" content=\"2023-09-23T02:12:36+00:00\" \/>\n<meta property=\"og:image\" content=\"https:\/\/www.autocar.brussels\/wp-content\/uploads\/2021\/12\/chauffeur-de-bus-scaled.jpg\" \/>\n\t<meta property=\"og:image:width\" content=\"1280\" \/>\n\t<meta property=\"og:image:height\" content=\"864\" \/>\n\t<meta property=\"og:image:type\" content=\"image\/jpeg\" \/>\n<meta name=\"twitter:card\" content=\"summary_large_image\" \/>\n<meta name=\"twitter:label1\" content=\"Dur\u00e9e de lecture estim\u00e9e\" \/>\n\t<meta name=\"twitter:data1\" content=\"2 minutes\" \/>\n<script type=\"application\/ld+json\" class=\"yoast-schema-graph\">{\"@context\":\"https:\\\/\\\/schema.org\",\"@graph\":[{\"@type\":\"WebPage\",\"@id\":\"https:\\\/\\\/www.autocar.brussels\\\/\",\"url\":\"https:\\\/\\\/www.autocar.brussels\\\/\",\"name\":\"[:fr]Location Autocar avec chauffeur bruxelles -bus avec chauffeur [:en]Location Autocar Bruxelles \u27a4location bus et minibus avec chauffeur[:]\",\"isPartOf\":{\"@id\":\"https:\\\/\\\/www.autocar.brussels\\\/fr\\\/#website\"},\"datePublished\":\"2021-12-04T12:11:34+00:00\",\"dateModified\":\"2023-09-23T02:12:36+00:00\",\"description\":\"Location Autocar Bruxelles \u2714 bus et minibus avec chauffeur Belgique transport scolaire, Visites & Excursions, transfert pour professionnels\",\"breadcrumb\":{\"@id\":\"https:\\\/\\\/www.autocar.brussels\\\/#breadcrumb\"},\"inLanguage\":\"fr-FR\",\"potentialAction\":[{\"@type\":\"ReadAction\",\"target\":[\"https:\\\/\\\/www.autocar.brussels\\\/\"]}]},{\"@type\":\"BreadcrumbList\",\"@id\":\"https:\\\/\\\/www.autocar.brussels\\\/#breadcrumb\",\"itemListElement\":[{\"@type\":\"ListItem\",\"position\":1,\"name\":\"Accueil\",\"item\":\"https:\\\/\\\/www.autocar.brussels\\\/\"},{\"@type\":\"ListItem\",\"position\":2,\"name\":\"[:fr]LOCATION AUTOCAR AVEC CHAUFFEUR BRUXELLES[:en]Private Bus rental Brussels VIP Bus &#038; Minibus [:]\"}]},{\"@type\":\"WebSite\",\"@id\":\"https:\\\/\\\/www.autocar.brussels\\\/fr\\\/#website\",\"url\":\"https:\\\/\\\/www.autocar.brussels\\\/fr\\\/\",\"name\":\"Location minibus bruxelles\",\"description\":\"Bus et autocar avec chauffeur en Belgique\",\"publisher\":{\"@id\":\"https:\\\/\\\/www.autocar.brussels\\\/fr\\\/#organization\"},\"potentialAction\":[{\"@type\":\"SearchAction\",\"target\":{\"@type\":\"EntryPoint\",\"urlTemplate\":\"https:\\\/\\\/www.autocar.brussels\\\/fr\\\/?s={search_term_string}\"},\"query-input\":{\"@type\":\"PropertyValueSpecification\",\"valueRequired\":true,\"valueName\":\"search_term_string\"}}],\"inLanguage\":\"fr-FR\"},{\"@type\":\"Organization\",\"@id\":\"https:\\\/\\\/www.autocar.brussels\\\/fr\\\/#organization\",\"name\":\"location minibus bruxelles\",\"alternateName\":\"Location Autocar Bruxelles\",\"url\":\"https:\\\/\\\/www.autocar.brussels\\\/fr\\\/\",\"logo\":{\"@type\":\"ImageObject\",\"inLanguage\":\"fr-FR\",\"@id\":\"https:\\\/\\\/www.autocar.brussels\\\/fr\\\/#\\\/schema\\\/logo\\\/image\\\/\",\"url\":\"https:\\\/\\\/www.autocar.brussels\\\/wp-content\\\/uploads\\\/2018\\\/01\\\/logo-limo-footer.png\",\"contentUrl\":\"https:\\\/\\\/www.autocar.brussels\\\/wp-content\\\/uploads\\\/2018\\\/01\\\/logo-limo-footer.png\",\"width\":177,\"height\":39,\"caption\":\"location minibus bruxelles\"},\"image\":{\"@id\":\"https:\\\/\\\/www.autocar.brussels\\\/fr\\\/#\\\/schema\\\/logo\\\/image\\\/\"},\"sameAs\":[\"https:\\\/\\\/www.facebook.com\\\/LimostarLimousineServices\\\/\"]}]}<\/script>\n<!-- \/ Yoast SEO plugin. -->","yoast_head_json":{"title":"Location Autocar avec chauffeur bruxelles -bus avec chauffeur","description":"Location Autocar Bruxelles \u2714 bus et minibus avec chauffeur Belgique transport scolaire, Visites & Excursions, transfert pour professionnels","robots":{"index":"index","follow":"follow","max-snippet":"max-snippet:-1","max-image-preview":"max-image-preview:large","max-video-preview":"max-video-preview:-1"},"canonical":"https:\/\/www.autocar.brussels\/","og_locale":"fr_FR","og_type":"article","og_title":"[:fr]Location Autocar avec chauffeur bruxelles -bus avec chauffeur [:en]Location Autocar Bruxelles \u27a4location bus et minibus avec chauffeur[:]","og_description":"Location Autocar Bruxelles \u2714 bus et minibus avec chauffeur Belgique transport scolaire, Visites & Excursions, transfert pour professionnels","og_url":"https:\/\/www.autocar.brussels\/","og_site_name":"Location minibus bruxelles","article_publisher":"https:\/\/www.facebook.com\/LimostarLimousineServices\/","article_modified_time":"2023-09-23T02:12:36+00:00","og_image":[{"width":1280,"height":864,"url":"https:\/\/www.autocar.brussels\/wp-content\/uploads\/2021\/12\/chauffeur-de-bus-scaled.jpg","type":"image\/jpeg"}],"twitter_card":"summary_large_image","twitter_misc":{"Dur\u00e9e de lecture estim\u00e9e":"2 minutes"},"schema":{"@context":"https:\/\/schema.org","@graph":[{"@type":"WebPage","@id":"https:\/\/www.autocar.brussels\/","url":"https:\/\/www.autocar.brussels\/","name":"[:fr]Location Autocar avec chauffeur bruxelles -bus avec chauffeur [:en]Location Autocar Bruxelles \u27a4location bus et minibus avec chauffeur[:]","isPartOf":{"@id":"https:\/\/www.autocar.brussels\/fr\/#website"},"datePublished":"2021-12-04T12:11:34+00:00","dateModified":"2023-09-23T02:12:36+00:00","description":"Location Autocar Bruxelles \u2714 bus et minibus avec chauffeur Belgique transport scolaire, Visites & Excursions, transfert pour professionnels","breadcrumb":{"@id":"https:\/\/www.autocar.brussels\/#breadcrumb"},"inLanguage":"fr-FR","potentialAction":[{"@type":"ReadAction","target":["https:\/\/www.autocar.brussels\/"]}]},{"@type":"BreadcrumbList","@id":"https:\/\/www.autocar.brussels\/#breadcrumb","itemListElement":[{"@type":"ListItem","position":1,"name":"Accueil","item":"https:\/\/www.autocar.brussels\/"},{"@type":"ListItem","position":2,"name":"[:fr]LOCATION AUTOCAR AVEC CHAUFFEUR BRUXELLES[:en]Private Bus rental Brussels VIP Bus &#038; Minibus [:]"}]},{"@type":"WebSite","@id":"https:\/\/www.autocar.brussels\/fr\/#website","url":"https:\/\/www.autocar.brussels\/fr\/","name":"Location minibus bruxelles","description":"Bus et autocar avec chauffeur en Belgique","publisher":{"@id":"https:\/\/www.autocar.brussels\/fr\/#organization"},"potentialAction":[{"@type":"SearchAction","target":{"@type":"EntryPoint","urlTemplate":"https:\/\/www.autocar.brussels\/fr\/?s={search_term_string}"},"query-input":{"@type":"PropertyValueSpecification","valueRequired":true,"valueName":"search_term_string"}}],"inLanguage":"fr-FR"},{"@type":"Organization","@id":"https:\/\/www.autocar.brussels\/fr\/#organization","name":"location minibus bruxelles","alternateName":"Location Autocar Bruxelles","url":"https:\/\/www.autocar.brussels\/fr\/","logo":{"@type":"ImageObject","inLanguage":"fr-FR","@id":"https:\/\/www.autocar.brussels\/fr\/#\/schema\/logo\/image\/","url":"https:\/\/www.autocar.brussels\/wp-content\/uploads\/2018\/01\/logo-limo-footer.png","contentUrl":"https:\/\/www.autocar.brussels\/wp-content\/uploads\/2018\/01\/logo-limo-footer.png","width":177,"height":39,"caption":"location minibus bruxelles"},"image":{"@id":"https:\/\/www.autocar.brussels\/fr\/#\/schema\/logo\/image\/"},"sameAs":["https:\/\/www.facebook.com\/LimostarLimousineServices\/"]}]}},"_links":{"self":[{"href":"https:\/\/www.autocar.brussels\/fr\/wp-json\/wp\/v2\/pages\/1096","targetHints":{"allow":["GET"]}}],"collection":[{"href":"https:\/\/www.autocar.brussels\/fr\/wp-json\/wp\/v2\/pages"}],"about":[{"href":"https:\/\/www.autocar.brussels\/fr\/wp-json\/wp\/v2\/types\/page"}],"author":[{"embeddable":true,"href":"https:\/\/www.autocar.brussels\/fr\/wp-json\/wp\/v2\/users\/3"}],"replies":[{"embeddable":true,"href":"https:\/\/www.autocar.brussels\/fr\/wp-json\/wp\/v2\/comments?post=1096"}],"version-history":[{"count":79,"href":"https:\/\/www.autocar.brussels\/fr\/wp-json\/wp\/v2\/pages\/1096\/revisions"}],"predecessor-version":[{"id":2923,"href":"https:\/\/www.autocar.brussels\/fr\/wp-json\/wp\/v2\/pages\/1096\/revisions\/2923"}],"wp:attachment":[{"href":"https:\/\/www.autocar.brussels\/fr\/wp-json\/wp\/v2\/media?parent=1096"}],"curies":[{"name":"wp","href":"https:\/\/api.w.org\/{rel}","templated":true}]}}